{"id":290,"date":"2023-09-09T16:16:44","date_gmt":"2023-09-09T19:16:44","guid":{"rendered":"https:\/\/pdbguilherme.com\/?page_id=290"},"modified":"2025-05-22T10:44:31","modified_gmt":"2025-05-22T13:44:31","slug":"orientacoes","status":"publish","type":"page","link":"https:\/\/pdbguilherme.com\/?page_id=290","title":{"rendered":"Orienta\u00e7\u00f5es"},"content":{"rendered":"\n<div class=\"wp-block-uagb-advanced-heading uagb-block-b715b2c2\"><h2 class=\"uagb-heading-text\">Gradua\u00e7\u00e3o<\/h2><\/div>\n\n\n\n<div class=\"wp-block-group alignfull has-background is-layout-flow wp-block-group-is-layout-flow\" style=\"background-color:#171717;padding-top:var(--wp--preset--spacing--20);padding-bottom:var(--wp--preset--spacing--20)\">\n<h2 class=\"wp-block-heading has-text-align-center has-text-color\" style=\"color:#ffffff\">2025<\/h2>\n\n\n\n<div class=\"wp-block-columns alignwide is-layout-flex wp-container-core-columns-is-layout-8d88fe0f wp-block-columns-is-layout-flex\" style=\"padding-top:var(--wp--preset--spacing--20);padding-bottom:var(--wp--preset--spacing--20)\">\n<div class=\"wp-block-column is-layout-flow wp-block-column-is-layout-flow\">\n<div class=\"wp-block-group is-layout-flow wp-block-group-is-layout-flow\">\n<figure class=\"wp-block-image alignwide size-full has-custom-border is-style-default wp-duotone-unset-1\"><img loading=\"lazy\" decoding=\"async\" width=\"784\" height=\"784\" src=\"https:\/\/pdbguilherme.com\/wp-content\/uploads\/2025\/05\/WhatsApp-Image-2025-05-21-at-18.01.04-edited.jpeg\" alt=\"\" class=\"wp-image-376\" style=\"border-radius:20px\" srcset=\"https:\/\/pdbguilherme.com\/wp-content\/uploads\/2025\/05\/WhatsApp-Image-2025-05-21-at-18.01.04-edited.jpeg 784w, https:\/\/pdbguilherme.com\/wp-content\/uploads\/2025\/05\/WhatsApp-Image-2025-05-21-at-18.01.04-edited-300x300.jpeg 300w, https:\/\/pdbguilherme.com\/wp-content\/uploads\/2025\/05\/WhatsApp-Image-2025-05-21-at-18.01.04-edited-150x150.jpeg 150w, https:\/\/pdbguilherme.com\/wp-content\/uploads\/2025\/05\/WhatsApp-Image-2025-05-21-at-18.01.04-edited-768x768.jpeg 768w\" sizes=\"auto, (max-width: 784px) 100vw, 784px\" \/><\/figure>\n\n\n\n<h6 class=\"wp-block-heading has-text-align-center has-ti-accent-color has-text-color\">Juliana Ara\u00fajo Machado<\/h6>\n\n\n\n<p class=\"has-text-align-center has-text-color has-small-font-size\" style=\"color:#d7d7d7;line-height:1.1\">Bacharelado em Ci\u00eancias Biol\u00f3gicas<\/p>\n\n\n\n<div class=\"wp-block-uagb-separator uagb-block-420a0116\"><div class=\"wp-block-uagb-separator__inner\" style=\"--my-background-image:\"><\/div><\/div>\n\n\n\n<p class=\"has-text-align-left has-text-color has-small-font-size\" style=\"color:#d7d7d7;line-height:1\">Cole\u00e7\u00e3o Malacol\u00f3gica de Renato Hugo Vard\u00e2nega: Forma\u00e7\u00e3o, Import\u00e2ncia e Legado<\/p>\n<\/div>\n<\/div>\n\n\n\n<div class=\"wp-block-column is-layout-flow wp-block-column-is-layout-flow\">\n<div class=\"wp-block-group is-layout-flow wp-block-group-is-layout-flow\">\n<figure class=\"wp-block-image alignwide size-full has-custom-border is-style-default wp-duotone-unset-2\"><img loading=\"lazy\" decoding=\"async\" width=\"633\" height=\"633\" src=\"https:\/\/pdbguilherme.com\/wp-content\/uploads\/2025\/05\/Captura-de-tela_21-5-2025_174553_web.whatsapp.com_-edited.jpeg\" alt=\"\" class=\"wp-image-359\" style=\"border-radius:20px\" srcset=\"https:\/\/pdbguilherme.com\/wp-content\/uploads\/2025\/05\/Captura-de-tela_21-5-2025_174553_web.whatsapp.com_-edited.jpeg 633w, https:\/\/pdbguilherme.com\/wp-content\/uploads\/2025\/05\/Captura-de-tela_21-5-2025_174553_web.whatsapp.com_-edited-300x300.jpeg 300w, https:\/\/pdbguilherme.com\/wp-content\/uploads\/2025\/05\/Captura-de-tela_21-5-2025_174553_web.whatsapp.com_-edited-150x150.jpeg 150w\" sizes=\"auto, (max-width: 633px) 100vw, 633px\" \/><\/figure>\n\n\n\n<h6 class=\"wp-block-heading has-text-align-center has-ti-accent-color has-text-color\">Raquel Laska<\/h6>\n\n\n\n<p class=\"has-text-align-center has-text-color has-small-font-size\" style=\"color:#d7d7d7;line-height:1.1\">Bacharelado em Ci\u00eancias Biol\u00f3gicas<\/p>\n\n\n\n<div class=\"wp-block-uagb-separator uagb-block-dd56ab8c\"><div class=\"wp-block-uagb-separator__inner\" style=\"--my-background-image:\"><\/div><\/div>\n\n\n\n<p class=\"has-text-align-left has-text-color has-small-font-size\" style=\"color:#d7d7d7;line-height:1\">Compara\u00e7\u00e3o Conquiol\u00f3gica de Moluscos em Sambaquis de Pontal do Paran\u00e1<\/p>\n<\/div>\n<\/div>\n\n\n\n<div class=\"wp-block-column is-layout-flow wp-block-column-is-layout-flow\">\n<div class=\"wp-block-group is-layout-flow wp-block-group-is-layout-flow\">\n<figure class=\"wp-block-image alignwide size-full has-custom-border is-style-default wp-duotone-unset-3\"><img loading=\"lazy\" decoding=\"async\" width=\"1083\" height=\"1083\" src=\"https:\/\/pdbguilherme.com\/wp-content\/uploads\/2025\/05\/WhatsApp-Image-2025-05-21-at-17.47.25-edited.jpeg\" alt=\"\" class=\"wp-image-363\" style=\"border-radius:20px\" srcset=\"https:\/\/pdbguilherme.com\/wp-content\/uploads\/2025\/05\/WhatsApp-Image-2025-05-21-at-17.47.25-edited.jpeg 1083w, https:\/\/pdbguilherme.com\/wp-content\/uploads\/2025\/05\/WhatsApp-Image-2025-05-21-at-17.47.25-edited-300x300.jpeg 300w, https:\/\/pdbguilherme.com\/wp-content\/uploads\/2025\/05\/WhatsApp-Image-2025-05-21-at-17.47.25-edited-1024x1024.jpeg 1024w, https:\/\/pdbguilherme.com\/wp-content\/uploads\/2025\/05\/WhatsApp-Image-2025-05-21-at-17.47.25-edited-150x150.jpeg 150w, https:\/\/pdbguilherme.com\/wp-content\/uploads\/2025\/05\/WhatsApp-Image-2025-05-21-at-17.47.25-edited-768x768.jpeg 768w\" sizes=\"auto, (max-width: 1083px) 100vw, 1083px\" \/><\/figure>\n\n\n\n<h6 class=\"wp-block-heading has-text-align-center has-ti-accent-color has-text-color\">Victor Faruk Morato<\/h6>\n\n\n\n<p class=\"has-text-align-center has-text-color has-small-font-size\" style=\"color:#d7d7d7;line-height:1.1\">Licenciatura em Ci\u00eancias Biol\u00f3gicas<\/p>\n\n\n\n<div class=\"wp-block-uagb-separator uagb-block-aac9bd8e\"><div class=\"wp-block-uagb-separator__inner\" style=\"--my-background-image:\"><\/div><\/div>\n\n\n\n<p class=\"has-text-align-left has-text-color has-small-font-size\" style=\"color:#d7d7d7;line-height:1\">Din\u00e2mica populacional do molusco invasor <em>Perna viridis<\/em> no Complexo Estuarino de Paranagu\u00e1<\/p>\n<\/div>\n<\/div>\n\n\n\n<div class=\"wp-block-column is-layout-flow wp-block-column-is-layout-flow\">\n<div class=\"wp-block-group is-layout-flow wp-block-group-is-layout-flow\">\n<figure class=\"wp-block-image alignwide size-full has-custom-border is-style-default wp-duotone-unset-4\"><img loading=\"lazy\" decoding=\"async\" width=\"627\" height=\"622\" src=\"https:\/\/pdbguilherme.com\/wp-content\/uploads\/2025\/05\/Captura-de-tela_21-5-2025_174735_web.whatsapp.com_.jpeg\" alt=\"\" class=\"wp-image-361\" style=\"border-radius:20px\" srcset=\"https:\/\/pdbguilherme.com\/wp-content\/uploads\/2025\/05\/Captura-de-tela_21-5-2025_174735_web.whatsapp.com_.jpeg 627w, https:\/\/pdbguilherme.com\/wp-content\/uploads\/2025\/05\/Captura-de-tela_21-5-2025_174735_web.whatsapp.com_-300x298.jpeg 300w, https:\/\/pdbguilherme.com\/wp-content\/uploads\/2025\/05\/Captura-de-tela_21-5-2025_174735_web.whatsapp.com_-150x150.jpeg 150w\" sizes=\"auto, (max-width: 627px) 100vw, 627px\" \/><\/figure>\n\n\n\n<h6 class=\"wp-block-heading has-text-align-center has-ti-accent-color has-text-color\">Samylli Rizzi de Lima<\/h6>\n\n\n\n<p class=\"has-text-align-center has-text-color has-small-font-size\" style=\"color:#d7d7d7;line-height:1.1\">Licenciatura em Ci\u00eancias Biol\u00f3gicas<\/p>\n\n\n\n<div class=\"wp-block-uagb-separator uagb-block-fea51f7b\"><div class=\"wp-block-uagb-separator__inner\" style=\"--my-background-image:\"><\/div><\/div>\n\n\n\n<p class=\"has-text-align-left has-text-color has-small-font-size\" style=\"color:#d7d7d7;line-height:1\">Mapeamento participativo de esp\u00e9cies n\u00e3o-nativas no Complexo Estuarino de Paranagu\u00e1<\/p>\n<\/div>\n<\/div>\n<\/div>\n<\/div>\n\n\n\n<div class=\"wp-block-group alignfull has-background is-layout-flow wp-block-group-is-layout-flow\" style=\"background-color:#171717;padding-top:var(--wp--preset--spacing--20);padding-bottom:var(--wp--preset--spacing--20)\">\n<h2 class=\"wp-block-heading has-text-align-center has-text-color\" style=\"color:#ffffff\">2022<\/h2>\n\n\n\n<div class=\"wp-block-columns alignwide is-layout-flex wp-container-core-columns-is-layout-8d88fe0f wp-block-columns-is-layout-flex\" style=\"padding-top:var(--wp--preset--spacing--20);padding-bottom:var(--wp--preset--spacing--20)\">\n<div class=\"wp-block-column is-layout-flow wp-block-column-is-layout-flow\">\n<div class=\"wp-block-group is-layout-flow wp-block-group-is-layout-flow\">\n<figure class=\"wp-block-image alignwide size-full has-custom-border is-style-default wp-duotone-unset-5\"><img loading=\"lazy\" decoding=\"async\" width=\"759\" height=\"724\" src=\"https:\/\/pdbguilherme.com\/wp-content\/uploads\/2025\/05\/WhatsApp-Image-2025-05-21-at-17.02.48.jpeg\" alt=\"\" class=\"wp-image-342\" style=\"border-radius:20px\" srcset=\"https:\/\/pdbguilherme.com\/wp-content\/uploads\/2025\/05\/WhatsApp-Image-2025-05-21-at-17.02.48.jpeg 759w, https:\/\/pdbguilherme.com\/wp-content\/uploads\/2025\/05\/WhatsApp-Image-2025-05-21-at-17.02.48-300x286.jpeg 300w\" sizes=\"auto, (max-width: 759px) 100vw, 759px\" \/><\/figure>\n\n\n\n<h6 class=\"wp-block-heading has-text-align-center has-ti-accent-color has-text-color\">Natan Henrique Matheus Batista<\/h6>\n\n\n\n<p class=\"has-text-align-center has-text-color has-small-font-size\" style=\"color:#d7d7d7;line-height:1.1\">Bacharelado em Ci\u00eancias Biol\u00f3gicas<\/p>\n\n\n\n<div class=\"wp-block-uagb-separator uagb-block-5f549a67\"><div class=\"wp-block-uagb-separator__inner\" style=\"--my-background-image:\"><\/div><\/div>\n\n\n\n<p class=\"has-text-align-left has-text-color has-small-font-size\" style=\"color:#d7d7d7;line-height:1\">Estimativa da estrutura populacional dos caranguejos de manguezal atrav\u00e9s das imagens digitais.<\/p>\n<\/div>\n<\/div>\n\n\n\n<div class=\"wp-block-column is-layout-flow wp-block-column-is-layout-flow\">\n<div class=\"wp-block-group is-layout-flow wp-block-group-is-layout-flow\">\n<figure class=\"wp-block-image alignwide size-full has-custom-border is-style-default wp-duotone-unset-6\"><img loading=\"lazy\" decoding=\"async\" width=\"759\" height=\"724\" src=\"https:\/\/pdbguilherme.com\/wp-content\/uploads\/2025\/05\/WhatsApp-Image-2025-05-21-at-17.02.48.jpeg\" alt=\"\" class=\"wp-image-342\" style=\"border-radius:20px\" srcset=\"https:\/\/pdbguilherme.com\/wp-content\/uploads\/2025\/05\/WhatsApp-Image-2025-05-21-at-17.02.48.jpeg 759w, https:\/\/pdbguilherme.com\/wp-content\/uploads\/2025\/05\/WhatsApp-Image-2025-05-21-at-17.02.48-300x286.jpeg 300w\" sizes=\"auto, (max-width: 759px) 100vw, 759px\" \/><\/figure>\n\n\n\n<h6 class=\"wp-block-heading has-text-align-center has-ti-accent-color has-text-color\">Natan Henrique Matheus Batista<\/h6>\n\n\n\n<p class=\"has-text-align-center has-text-color has-small-font-size\" style=\"color:#d7d7d7;line-height:1.1\">Bacharelado em Ci\u00eancias Biol\u00f3gicas<\/p>\n\n\n\n<div class=\"wp-block-uagb-separator uagb-block-f89b649e\"><div class=\"wp-block-uagb-separator__inner\" style=\"--my-background-image:\"><\/div><\/div>\n\n\n\n<p class=\"has-text-align-left has-text-color has-small-font-size\" style=\"color:#d7d7d7;line-height:1\">Estimativa da estrutura populacional dos caranguejos de manguezal atrav\u00e9s das imagens digitais.<\/p>\n<\/div>\n<\/div>\n\n\n\n<div class=\"wp-block-column is-layout-flow wp-block-column-is-layout-flow\">\n<div class=\"wp-block-group is-layout-flow wp-block-group-is-layout-flow\">\n<figure class=\"wp-block-image alignwide size-full has-custom-border is-style-default wp-duotone-unset-7\"><img loading=\"lazy\" decoding=\"async\" width=\"759\" height=\"724\" src=\"https:\/\/pdbguilherme.com\/wp-content\/uploads\/2025\/05\/WhatsApp-Image-2025-05-21-at-17.02.48.jpeg\" alt=\"\" class=\"wp-image-342\" style=\"border-radius:20px\" srcset=\"https:\/\/pdbguilherme.com\/wp-content\/uploads\/2025\/05\/WhatsApp-Image-2025-05-21-at-17.02.48.jpeg 759w, https:\/\/pdbguilherme.com\/wp-content\/uploads\/2025\/05\/WhatsApp-Image-2025-05-21-at-17.02.48-300x286.jpeg 300w\" sizes=\"auto, (max-width: 759px) 100vw, 759px\" \/><\/figure>\n\n\n\n<h6 class=\"wp-block-heading has-text-align-center has-ti-accent-color has-text-color\">Natan Henrique Matheus Batista<\/h6>\n\n\n\n<p class=\"has-text-align-center has-text-color has-small-font-size\" style=\"color:#d7d7d7;line-height:1.1\">Bacharelado em Ci\u00eancias Biol\u00f3gicas<\/p>\n\n\n\n<div class=\"wp-block-uagb-separator uagb-block-ba7a7422\"><div class=\"wp-block-uagb-separator__inner\" style=\"--my-background-image:\"><\/div><\/div>\n\n\n\n<p class=\"has-text-align-left has-text-color has-small-font-size\" style=\"color:#d7d7d7;line-height:1\">Estimativa da estrutura populacional dos caranguejos de manguezal atrav\u00e9s das imagens digitais.<\/p>\n<\/div>\n<\/div>\n\n\n\n<div class=\"wp-block-column is-layout-flow wp-block-column-is-layout-flow\">\n<div class=\"wp-block-group is-layout-flow wp-block-group-is-layout-flow\">\n<figure class=\"wp-block-image alignwide size-full has-custom-border is-style-default wp-duotone-unset-8\"><img loading=\"lazy\" decoding=\"async\" width=\"759\" height=\"724\" src=\"https:\/\/pdbguilherme.com\/wp-content\/uploads\/2025\/05\/WhatsApp-Image-2025-05-21-at-17.02.48.jpeg\" alt=\"\" class=\"wp-image-342\" style=\"border-radius:20px\" srcset=\"https:\/\/pdbguilherme.com\/wp-content\/uploads\/2025\/05\/WhatsApp-Image-2025-05-21-at-17.02.48.jpeg 759w, https:\/\/pdbguilherme.com\/wp-content\/uploads\/2025\/05\/WhatsApp-Image-2025-05-21-at-17.02.48-300x286.jpeg 300w\" sizes=\"auto, (max-width: 759px) 100vw, 759px\" \/><\/figure>\n\n\n\n<h6 class=\"wp-block-heading has-text-align-center has-ti-accent-color has-text-color\">Natan Henrique Matheus Batista<\/h6>\n\n\n\n<p class=\"has-text-align-center has-text-color has-small-font-size\" style=\"color:#d7d7d7;line-height:1.1\">Bacharelado em Ci\u00eancias Biol\u00f3gicas<\/p>\n\n\n\n<div class=\"wp-block-uagb-separator uagb-block-6d1fe5e9\"><div class=\"wp-block-uagb-separator__inner\" style=\"--my-background-image:\"><\/div><\/div>\n\n\n\n<p class=\"has-text-align-left has-text-color has-small-font-size\" style=\"color:#d7d7d7;line-height:1\">Estimativa da estrutura populacional dos caranguejos de manguezal atrav\u00e9s das imagens digitais.<\/p>\n<\/div>\n<\/div>\n<\/div>\n<\/div>\n\n\n\n<div class=\"wp-block-group alignfull has-background is-layout-flow wp-block-group-is-layout-flow\" style=\"background-color:#171717;padding-top:var(--wp--preset--spacing--20);padding-bottom:var(--wp--preset--spacing--20)\">\n<h2 class=\"wp-block-heading has-text-align-center has-text-color\" style=\"color:#ffffff\">2021<\/h2>\n\n\n\n<div class=\"wp-block-columns alignwide is-layout-flex wp-container-core-columns-is-layout-8d88fe0f wp-block-columns-is-layout-flex\" style=\"padding-top:var(--wp--preset--spacing--20);padding-bottom:var(--wp--preset--spacing--20)\">\n<div class=\"wp-block-column is-layout-flow wp-block-column-is-layout-flow\">\n<div class=\"wp-block-group is-layout-flow wp-block-group-is-layout-flow\">\n<figure class=\"wp-block-image alignwide size-full has-custom-border is-style-default wp-duotone-unset-9\"><img loading=\"lazy\" decoding=\"async\" width=\"576\" height=\"576\" src=\"https:\/\/pdbguilherme.com\/wp-content\/uploads\/2023\/09\/21271171-1350405785056990-2611586095358765661-n.jpeg\" alt=\"\" class=\"wp-image-316\" style=\"border-radius:20px\" srcset=\"https:\/\/pdbguilherme.com\/wp-content\/uploads\/2023\/09\/21271171-1350405785056990-2611586095358765661-n.jpeg 576w, https:\/\/pdbguilherme.com\/wp-content\/uploads\/2023\/09\/21271171-1350405785056990-2611586095358765661-n-300x300.jpeg 300w, https:\/\/pdbguilherme.com\/wp-content\/uploads\/2023\/09\/21271171-1350405785056990-2611586095358765661-n-150x150.jpeg 150w\" sizes=\"auto, (max-width: 576px) 100vw, 576px\" \/><\/figure>\n\n\n\n<h6 class=\"wp-block-heading has-text-align-center has-ti-accent-color has-text-color\">Lu\u00edza do N. Lopes<\/h6>\n\n\n\n<p class=\"has-text-align-center has-text-color has-small-font-size\" style=\"color:#d7d7d7;line-height:1.1\">Bacharelado em Ci\u00eancias Biol\u00f3gicas<\/p>\n\n\n\n<div class=\"wp-block-uagb-separator uagb-block-1e48c7e1\"><div class=\"wp-block-uagb-separator__inner\" style=\"--my-background-image:\"><\/div><\/div>\n\n\n\n<p class=\"has-text-align-left has-text-color has-small-font-size\" style=\"color:#d7d7d7;line-height:1\">Cat\u00e1logo de Amphipoda de fundos consolidados do Complexo Estuarino de Paranagu\u00e1 &#8211; PR<\/p>\n<\/div>\n<\/div>\n\n\n\n<div class=\"wp-block-column is-layout-flow wp-block-column-is-layout-flow\">\n<div class=\"wp-block-group is-layout-flow wp-block-group-is-layout-flow\">\n<figure class=\"wp-block-image alignwide size-full has-custom-border is-style-default wp-duotone-unset-10\"><img loading=\"lazy\" decoding=\"async\" width=\"745\" height=\"745\" src=\"https:\/\/pdbguilherme.com\/wp-content\/uploads\/2023\/09\/70618277-1572398289589733-4940762083319873536-n.jpeg\" alt=\"\" class=\"wp-image-315\" style=\"border-radius:20px\" srcset=\"https:\/\/pdbguilherme.com\/wp-content\/uploads\/2023\/09\/70618277-1572398289589733-4940762083319873536-n.jpeg 745w, https:\/\/pdbguilherme.com\/wp-content\/uploads\/2023\/09\/70618277-1572398289589733-4940762083319873536-n-300x300.jpeg 300w, https:\/\/pdbguilherme.com\/wp-content\/uploads\/2023\/09\/70618277-1572398289589733-4940762083319873536-n-150x150.jpeg 150w\" sizes=\"auto, (max-width: 745px) 100vw, 745px\" \/><\/figure>\n\n\n\n<h6 class=\"wp-block-heading has-text-align-center has-ti-accent-color has-text-color\">William M. da Silva<\/h6>\n\n\n\n<p class=\"has-text-align-center has-text-color has-small-font-size\" style=\"color:#d7d7d7;line-height:1.1\">Licenciatura em Ci\u00eancias Biol\u00f3gicas<\/p>\n\n\n\n<div class=\"wp-block-uagb-separator uagb-block-5bbde539\"><div class=\"wp-block-uagb-separator__inner\" style=\"--my-background-image:\"><\/div><\/div>\n\n\n\n<p class=\"has-text-align-left has-text-color has-small-font-size\" style=\"color:#d7d7d7;line-height:1\">A perspectiva ambiental entre alunos dos anos finais do ensino fundamental e m\u00e9dio sobre o ecossistema manguezal no contexto da d\u00e9cada dos oceanos.<\/p>\n<\/div>\n<\/div>\n\n\n\n<div class=\"wp-block-column is-layout-flow wp-block-column-is-layout-flow\">\n<div class=\"wp-block-group is-layout-flow wp-block-group-is-layout-flow\">\n<figure class=\"wp-block-image alignwide size-full has-custom-border is-style-default wp-duotone-unset-11\"><img loading=\"lazy\" decoding=\"async\" width=\"720\" height=\"731\" src=\"https:\/\/pdbguilherme.com\/wp-content\/uploads\/2023\/09\/40383150-123021478646428-5051476762433683456-n.jpg\" alt=\"\" class=\"wp-image-314\" style=\"border-radius:20px\" srcset=\"https:\/\/pdbguilherme.com\/wp-content\/uploads\/2023\/09\/40383150-123021478646428-5051476762433683456-n.jpg 720w, https:\/\/pdbguilherme.com\/wp-content\/uploads\/2023\/09\/40383150-123021478646428-5051476762433683456-n-295x300.jpg 295w\" sizes=\"auto, (max-width: 720px) 100vw, 720px\" \/><\/figure>\n\n\n\n<h6 class=\"wp-block-heading has-text-align-center has-ti-accent-color has-text-color\">Emanoelle C. R. Bel\u00e9<\/h6>\n\n\n\n<p class=\"has-text-align-center has-text-color has-small-font-size\" style=\"color:#d7d7d7;line-height:1.1\">Bacharelado em Ci\u00eancias Biol\u00f3gicas<\/p>\n\n\n\n<div class=\"wp-block-uagb-separator uagb-block-230ce31d\"><div class=\"wp-block-uagb-separator__inner\" style=\"--my-background-image:\"><\/div><\/div>\n\n\n\n<p class=\"has-text-align-left has-text-color has-small-font-size\" style=\"color:#d7d7d7;line-height:1\">Morfometria comparativa do ofiur\u00f3ide <em>Ophiactis savignyi <\/em>(M\u00fcller &amp; Troschel, 1842) de diferentes habitats do litoral brasileiro<\/p>\n<\/div>\n<\/div>\n<\/div>\n\n\n\n<div class=\"wp-block-columns alignwide is-layout-flex wp-container-core-columns-is-layout-28f84493 wp-block-columns-is-layout-flex\">\n<div class=\"wp-block-column is-layout-flow wp-block-column-is-layout-flow\">\n<div class=\"wp-block-group is-layout-flow wp-block-group-is-layout-flow\">\n<figure class=\"wp-block-image alignwide size-full has-custom-border is-style-default wp-duotone-unset-12\"><img loading=\"lazy\" decoding=\"async\" width=\"512\" height=\"512\" src=\"https:\/\/pdbguilherme.com\/wp-content\/uploads\/2023\/09\/182517220-288959092709043-4300216453828228865-n.jpeg\" alt=\"\" class=\"wp-image-310\" style=\"border-radius:20px\" srcset=\"https:\/\/pdbguilherme.com\/wp-content\/uploads\/2023\/09\/182517220-288959092709043-4300216453828228865-n.jpeg 512w, https:\/\/pdbguilherme.com\/wp-content\/uploads\/2023\/09\/182517220-288959092709043-4300216453828228865-n-300x300.jpeg 300w, https:\/\/pdbguilherme.com\/wp-content\/uploads\/2023\/09\/182517220-288959092709043-4300216453828228865-n-150x150.jpeg 150w\" sizes=\"auto, (max-width: 512px) 100vw, 512px\" \/><\/figure>\n\n\n\n<h6 class=\"wp-block-heading has-text-align-center has-ti-accent-color has-text-color\">Camila S. Herarth<\/h6>\n\n\n\n<p class=\"has-text-align-center has-text-color has-small-font-size\" style=\"color:#d7d7d7;line-height:1.1\">Bacharelado em Ci\u00eancias Biol\u00f3gicas<\/p>\n\n\n\n<div class=\"wp-block-uagb-separator uagb-block-471178cd\"><div class=\"wp-block-uagb-separator__inner\" style=\"--my-background-image:\"><\/div><\/div>\n\n\n\n<p class=\"has-text-align-left has-text-color has-small-font-size\" style=\"color:#d7d7d7;line-height:1\">Otimiza\u00e7\u00e3o de amostragem para estimativa da assembleia de caranguejos em manguezais do litoral do Paran\u00e1<\/p>\n<\/div>\n<\/div>\n\n\n\n<div class=\"wp-block-column is-layout-flow wp-block-column-is-layout-flow\">\n<div class=\"wp-block-group is-layout-flow wp-block-group-is-layout-flow\">\n<figure class=\"wp-block-image alignwide size-full has-custom-border is-style-default wp-duotone-unset-13\"><img loading=\"lazy\" decoding=\"async\" width=\"513\" height=\"513\" src=\"https:\/\/pdbguilherme.com\/wp-content\/uploads\/2023\/09\/162410792-274793667462397-3935092204298692450-n-1.jpeg\" alt=\"\" class=\"wp-image-312\" style=\"border-radius:20px\" srcset=\"https:\/\/pdbguilherme.com\/wp-content\/uploads\/2023\/09\/162410792-274793667462397-3935092204298692450-n-1.jpeg 513w, https:\/\/pdbguilherme.com\/wp-content\/uploads\/2023\/09\/162410792-274793667462397-3935092204298692450-n-1-300x300.jpeg 300w, https:\/\/pdbguilherme.com\/wp-content\/uploads\/2023\/09\/162410792-274793667462397-3935092204298692450-n-1-150x150.jpeg 150w\" sizes=\"auto, (max-width: 513px) 100vw, 513px\" \/><\/figure>\n\n\n\n<h6 class=\"wp-block-heading has-text-align-center has-ti-accent-color has-text-color\">Julia G. C. Davanzo<\/h6>\n\n\n\n<p class=\"has-text-align-center has-text-color has-small-font-size\" style=\"color:#d7d7d7;line-height:1.1\">Licenciatura em Ci\u00eancias Biol\u00f3gicas<\/p>\n\n\n\n<div class=\"wp-block-uagb-separator uagb-block-721ec140\"><div class=\"wp-block-uagb-separator__inner\" style=\"--my-background-image:\"><\/div><\/div>\n\n\n\n<p class=\"has-text-align-left has-text-color has-small-font-size\" style=\"color:#d7d7d7;line-height:1\">Percep\u00e7\u00e3o dos alunos dos anos finais do ensino fundamental e m\u00e9dio sobre os manguezais: a arte como reflex\u00e3o ambiental.<\/p>\n<\/div>\n<\/div>\n\n\n\n<div class=\"wp-block-column is-layout-flow wp-block-column-is-layout-flow\">\n<div class=\"wp-block-group is-layout-flow wp-block-group-is-layout-flow\">\n<figure class=\"wp-block-image alignwide size-full has-custom-border is-style-default wp-duotone-unset-14\"><img loading=\"lazy\" decoding=\"async\" width=\"573\" height=\"573\" src=\"https:\/\/pdbguilherme.com\/wp-content\/uploads\/2023\/09\/131906696-230376791938161-2036223705416564356-n.jpeg\" alt=\"\" class=\"wp-image-313\" style=\"border-radius:20px\" srcset=\"https:\/\/pdbguilherme.com\/wp-content\/uploads\/2023\/09\/131906696-230376791938161-2036223705416564356-n.jpeg 573w, https:\/\/pdbguilherme.com\/wp-content\/uploads\/2023\/09\/131906696-230376791938161-2036223705416564356-n-300x300.jpeg 300w, https:\/\/pdbguilherme.com\/wp-content\/uploads\/2023\/09\/131906696-230376791938161-2036223705416564356-n-150x150.jpeg 150w\" sizes=\"auto, (max-width: 573px) 100vw, 573px\" \/><\/figure>\n\n\n\n<h6 class=\"wp-block-heading has-text-align-center has-ti-accent-color has-text-color\">Marcella R. Pereira<\/h6>\n\n\n\n<p class=\"has-text-align-center has-text-color has-small-font-size\" style=\"color:#d7d7d7;line-height:1.1\">Bacharelado em Ci\u00eancias Biol\u00f3gicas<\/p>\n\n\n\n<div class=\"wp-block-uagb-separator uagb-block-f871e1a7\"><div class=\"wp-block-uagb-separator__inner\" style=\"--my-background-image:\"><\/div><\/div>\n\n\n\n<p class=\"has-text-align-left has-text-color has-small-font-size\" style=\"color:#d7d7d7;line-height:1\">Aprendizagem de m\u00e1quina e an\u00e1lise multivariada para a classifica\u00e7\u00e3o de imagens digitais da biota marinha incrustante.<\/p>\n<\/div>\n<\/div>\n<\/div>\n<\/div>\n\n\n\n<div class=\"wp-block-group alignfull has-background is-layout-flow wp-block-group-is-layout-flow\" style=\"background-color:#171717;padding-top:var(--wp--preset--spacing--20);padding-bottom:var(--wp--preset--spacing--20)\">\n<h2 class=\"wp-block-heading has-text-align-center has-text-color\" style=\"color:#ffffff\">2020<\/h2>\n\n\n\n<div class=\"wp-block-columns alignwide is-layout-flex wp-container-core-columns-is-layout-28f84493 wp-block-columns-is-layout-flex\">\n<div class=\"wp-block-column is-layout-flow wp-block-column-is-layout-flow\">\n<div class=\"wp-block-group is-layout-flow wp-block-group-is-layout-flow\">\n<figure class=\"wp-block-image alignwide size-large has-custom-border is-style-default wp-duotone-unset-15\"><img loading=\"lazy\" decoding=\"async\" width=\"1014\" height=\"1024\" src=\"https:\/\/pdbguilherme.com\/wp-content\/uploads\/2023\/09\/94994572-720565918481936-6232891054312390656-o-1014x1024.jpeg\" alt=\"\" class=\"wp-image-295\" style=\"border-radius:20px\" srcset=\"https:\/\/pdbguilherme.com\/wp-content\/uploads\/2023\/09\/94994572-720565918481936-6232891054312390656-o-1014x1024.jpeg 1014w, https:\/\/pdbguilherme.com\/wp-content\/uploads\/2023\/09\/94994572-720565918481936-6232891054312390656-o-297x300.jpeg 297w, https:\/\/pdbguilherme.com\/wp-content\/uploads\/2023\/09\/94994572-720565918481936-6232891054312390656-o-150x150.jpeg 150w, https:\/\/pdbguilherme.com\/wp-content\/uploads\/2023\/09\/94994572-720565918481936-6232891054312390656-o-768x776.jpeg 768w, https:\/\/pdbguilherme.com\/wp-content\/uploads\/2023\/09\/94994572-720565918481936-6232891054312390656-o.jpeg 1311w\" sizes=\"auto, (max-width: 1014px) 100vw, 1014px\" \/><\/figure>\n\n\n\n<h6 class=\"wp-block-heading has-text-align-center has-ti-accent-color has-text-color\">Bryan Avon<\/h6>\n\n\n\n<p class=\"has-text-align-center has-text-color has-small-font-size\" style=\"color:#d7d7d7;line-height:1.1\">Licenciatura em Ci\u00eancias Biol\u00f3gicas<\/p>\n\n\n\n<div class=\"wp-block-uagb-separator uagb-block-447fb5aa\"><div class=\"wp-block-uagb-separator__inner\" style=\"--my-background-image:\"><\/div><\/div>\n\n\n\n<p class=\"has-text-align-left has-text-color has-small-font-size\" style=\"color:#d7d7d7;line-height:1\"><mark style=\"background-color:rgba(0, 0, 0, 0)\" class=\"has-inline-color has-ti-fg-color\">Software New Vision como ferramenta auxiliar de gen\u00e9tica forense, Microsoft Excel \/ Visual Basic Application (VBA)<\/mark><\/p>\n<\/div>\n<\/div>\n\n\n\n<div class=\"wp-block-column is-layout-flow wp-block-column-is-layout-flow\">\n<div class=\"wp-block-group is-layout-flow wp-block-group-is-layout-flow\">\n<figure class=\"wp-block-image alignwide size-full has-custom-border is-style-default wp-duotone-unset-16\"><img loading=\"lazy\" decoding=\"async\" width=\"663\" height=\"663\" src=\"https:\/\/pdbguilherme.com\/wp-content\/uploads\/2023\/09\/119075521-2011630242304148-2016873554551476602-n-2.jpeg\" alt=\"\" class=\"wp-image-296\" style=\"border-radius:20px\" srcset=\"https:\/\/pdbguilherme.com\/wp-content\/uploads\/2023\/09\/119075521-2011630242304148-2016873554551476602-n-2.jpeg 663w, https:\/\/pdbguilherme.com\/wp-content\/uploads\/2023\/09\/119075521-2011630242304148-2016873554551476602-n-2-300x300.jpeg 300w, https:\/\/pdbguilherme.com\/wp-content\/uploads\/2023\/09\/119075521-2011630242304148-2016873554551476602-n-2-150x150.jpeg 150w\" sizes=\"auto, (max-width: 663px) 100vw, 663px\" \/><\/figure>\n\n\n\n<h6 class=\"wp-block-heading has-text-align-center has-ti-accent-color has-text-color\">Fl\u00e1via C. R. Martins<\/h6>\n\n\n\n<p class=\"has-text-align-center has-text-color has-small-font-size\" style=\"color:#d7d7d7;line-height:1.1\">Licenciatura em Ci\u00eancias Biol\u00f3gicas<\/p>\n\n\n\n<div class=\"wp-block-uagb-separator uagb-block-29ca9fa0\"><div class=\"wp-block-uagb-separator__inner\" style=\"--my-background-image:\"><\/div><\/div>\n\n\n\n<p class=\"has-text-align-left has-text-color has-small-font-size\" style=\"color:#d7d7d7;line-height:1\">Gastr\u00f3podes associados a substratos consolidados no Complexo Estuarino de Paranagu\u00e1<\/p>\n<\/div>\n<\/div>\n\n\n\n<div class=\"wp-block-column is-layout-flow wp-block-column-is-layout-flow\">\n<div class=\"wp-block-group is-layout-flow wp-block-group-is-layout-flow\">\n<figure class=\"wp-block-image alignwide size-full has-custom-border is-style-default wp-duotone-unset-17\"><img loading=\"lazy\" decoding=\"async\" width=\"640\" height=\"640\" src=\"https:\/\/pdbguilherme.com\/wp-content\/uploads\/2023\/09\/75496270-149121176604902-4510737270934914151-n.jpeg\" alt=\"\" class=\"wp-image-298\" style=\"border-radius:20px\" srcset=\"https:\/\/pdbguilherme.com\/wp-content\/uploads\/2023\/09\/75496270-149121176604902-4510737270934914151-n.jpeg 640w, https:\/\/pdbguilherme.com\/wp-content\/uploads\/2023\/09\/75496270-149121176604902-4510737270934914151-n-300x300.jpeg 300w, https:\/\/pdbguilherme.com\/wp-content\/uploads\/2023\/09\/75496270-149121176604902-4510737270934914151-n-150x150.jpeg 150w\" sizes=\"auto, (max-width: 640px) 100vw, 640px\" \/><\/figure>\n\n\n\n<h6 class=\"wp-block-heading has-text-align-center has-ti-accent-color has-text-color\">J\u00e9ssica Camargo<\/h6>\n\n\n\n<p class=\"has-text-align-center has-text-color has-small-font-size\" style=\"color:#d7d7d7;line-height:1.1\">Licenciatura em Ci\u00eancias Biol\u00f3gicas<\/p>\n\n\n\n<div class=\"wp-block-uagb-separator uagb-block-8b5afa09\"><div class=\"wp-block-uagb-separator__inner\" style=\"--my-background-image:\"><\/div><\/div>\n\n\n\n<p class=\"has-text-align-left has-text-color has-small-font-size\" style=\"color:#d7d7d7;line-height:1\">Linhas de Pesquisa dos cursos de Ci\u00eancias Biol\u00f3gicas da Unespar <em>campus <\/em>de Paranagu\u00e1<\/p>\n<\/div>\n<\/div>\n\n\n\n<div class=\"wp-block-column is-layout-flow wp-block-column-is-layout-flow\">\n<div class=\"wp-block-group is-layout-flow wp-block-group-is-layout-flow\">\n<figure class=\"wp-block-image alignwide size-large has-custom-border is-style-default wp-duotone-unset-18\"><img loading=\"lazy\" decoding=\"async\" width=\"1024\" height=\"1024\" src=\"https:\/\/pdbguilherme.com\/wp-content\/uploads\/2023\/09\/whatsapp-image-2021-01-27-at-10.44.46-1024x1024.jpeg\" alt=\"\" class=\"wp-image-297\" style=\"border-radius:20px\" srcset=\"https:\/\/pdbguilherme.com\/wp-content\/uploads\/2023\/09\/whatsapp-image-2021-01-27-at-10.44.46-1024x1024.jpeg 1024w, https:\/\/pdbguilherme.com\/wp-content\/uploads\/2023\/09\/whatsapp-image-2021-01-27-at-10.44.46-300x300.jpeg 300w, https:\/\/pdbguilherme.com\/wp-content\/uploads\/2023\/09\/whatsapp-image-2021-01-27-at-10.44.46-150x150.jpeg 150w, https:\/\/pdbguilherme.com\/wp-content\/uploads\/2023\/09\/whatsapp-image-2021-01-27-at-10.44.46-768x768.jpeg 768w, https:\/\/pdbguilherme.com\/wp-content\/uploads\/2023\/09\/whatsapp-image-2021-01-27-at-10.44.46.jpeg 1055w\" sizes=\"auto, (max-width: 1024px) 100vw, 1024px\" \/><\/figure>\n\n\n\n<h6 class=\"wp-block-heading has-text-align-center has-ti-accent-color has-text-color\">Rayane Silva Bueno<\/h6>\n\n\n\n<p class=\"has-text-align-center has-text-color has-small-font-size\" style=\"color:#d7d7d7;line-height:1.1\">Licenciatura em Ci\u00eancias Biol\u00f3gicas<\/p>\n\n\n\n<div class=\"wp-block-uagb-separator uagb-block-af9fce7b\"><div class=\"wp-block-uagb-separator__inner\" style=\"--my-background-image:\"><\/div><\/div>\n\n\n\n<p class=\"has-text-align-left has-text-color has-small-font-size\" style=\"color:#d7d7d7;line-height:1\"><em>Miltonia regnellii <\/em>como alternativa sustent\u00e1vel de produto florestal n\u00e3o madeir\u00e1vel para comunidades tradicionais do litoral do Paran\u00e1.<\/p>\n<\/div>\n<\/div>\n<\/div>\n<\/div>\n","protected":false},"excerpt":{"rendered":"<p>Gradua\u00e7\u00e3o 2025 Juliana Ara\u00fajo Machado Bacharelado em Ci\u00eancias Biol\u00f3gicas Cole\u00e7\u00e3o Malacol\u00f3gica de Renato Hugo Vard\u00e2nega: Forma\u00e7\u00e3o, Import\u00e2ncia e Legado Raquel Laska Bacharelado em Ci\u00eancias Biol\u00f3gicas Compara\u00e7\u00e3o Conquiol\u00f3gica de Moluscos em Sambaquis de Pontal do Paran\u00e1 Victor Faruk Morato Licenciatura em Ci\u00eancias Biol\u00f3gicas Din\u00e2mica populacional do molusco invasor Perna viridis no Complexo Estuarino de Paranagu\u00e1 Samylli [&hellip;]<\/p>\n","protected":false},"author":1,"featured_media":0,"parent":0,"menu_order":0,"comment_status":"closed","ping_status":"closed","template":"","meta":{"_uag_custom_page_level_css":"","footnotes":""},"class_list":["post-290","page","type-page","status-publish","hentry"],"uagb_featured_image_src":{"full":false,"thumbnail":false,"medium":false,"medium_large":false,"large":false,"1536x1536":false,"2048x2048":false},"uagb_author_info":{"display_name":"pdbguilherme","author_link":"https:\/\/pdbguilherme.com\/?author=1"},"uagb_comment_info":0,"uagb_excerpt":"Gradua\u00e7\u00e3o 2025 Juliana Ara\u00fajo Machado Bacharelado em Ci\u00eancias Biol\u00f3gicas Cole\u00e7\u00e3o Malacol\u00f3gica de Renato Hugo Vard\u00e2nega: Forma\u00e7\u00e3o, Import\u00e2ncia e Legado Raquel Laska Bacharelado em Ci\u00eancias Biol\u00f3gicas Compara\u00e7\u00e3o Conquiol\u00f3gica de Moluscos em Sambaquis de Pontal do Paran\u00e1 Victor Faruk Morato Licenciatura em Ci\u00eancias Biol\u00f3gicas Din\u00e2mica populacional do molusco invasor Perna viridis no Complexo Estuarino de Paranagu\u00e1 Samylli&hellip;","_links":{"self":[{"href":"https:\/\/pdbguilherme.com\/index.php?rest_route=\/wp\/v2\/pages\/290","targetHints":{"allow":["GET"]}}],"collection":[{"href":"https:\/\/pdbguilherme.com\/index.php?rest_route=\/wp\/v2\/pages"}],"about":[{"href":"https:\/\/pdbguilherme.com\/index.php?rest_route=\/wp\/v2\/types\/page"}],"author":[{"embeddable":true,"href":"https:\/\/pdbguilherme.com\/index.php?rest_route=\/wp\/v2\/users\/1"}],"replies":[{"embeddable":true,"href":"https:\/\/pdbguilherme.com\/index.php?rest_route=%2Fwp%2Fv2%2Fcomments&post=290"}],"version-history":[{"count":11,"href":"https:\/\/pdbguilherme.com\/index.php?rest_route=\/wp\/v2\/pages\/290\/revisions"}],"predecessor-version":[{"id":383,"href":"https:\/\/pdbguilherme.com\/index.php?rest_route=\/wp\/v2\/pages\/290\/revisions\/383"}],"wp:attachment":[{"href":"https:\/\/pdbguilherme.com\/index.php?rest_route=%2Fwp%2Fv2%2Fmedia&parent=290"}],"curies":[{"name":"wp","href":"https:\/\/api.w.org\/{rel}","templated":true}]}}