{"id":53,"date":"2023-08-11T22:20:46","date_gmt":"2023-08-12T01:20:46","guid":{"rendered":"https:\/\/pdbguilherme.com\/?page_id=53"},"modified":"2025-10-25T12:22:25","modified_gmt":"2025-10-25T15:22:25","slug":"conteudo","status":"publish","type":"page","link":"https:\/\/pdbguilherme.com\/?page_id=53","title":{"rendered":"Conte\u00fado"},"content":{"rendered":"\n<div class=\"wp-block-uagb-advanced-heading uagb-block-1d919186\"><h2 class=\"uagb-heading-text\">Artigos em Revista Cient\u00edfica<\/h2><\/div>\n\n\n\n<div class=\"wp-block-uagb-container uagb-layout-grid uagb-block-e061f140 alignwide uagb-is-root-container\">\n<div class=\"wp-block-uagb-container uagb-block-5f640a0e\">\n<div class=\"wp-block-uagb-image uagb-block-1a4eb970 wp-block-uagb-image--layout-default wp-block-uagb-image--effect-static wp-block-uagb-image--align-none\"><figure class=\"wp-block-uagb-image__figure\"><a class=\"\" href=\"https:\/\/revistas.ucr.ac.cr\/index.php\/rrbt\/article\/view\/1\" target=\"_blank\" rel=\"noreferrer noopener\"><img decoding=\"async\" srcset=\"https:\/\/pdbguilherme.com\/wp-content\/uploads\/2025\/10\/Screenshot-2025-10-25-at-11-44-26-View-of-Reproduction-of-the-sea-cucumber-Holothuria-Halodeima-grisea-Holothuriida-Holothuriidae-from-Santa-Catarina-coast-southern-Brazil-150x150.png ,https:\/\/pdbguilherme.com\/wp-content\/uploads\/2025\/10\/Screenshot-2025-10-25-at-11-44-26-View-of-Reproduction-of-the-sea-cucumber-Holothuria-Halodeima-grisea-Holothuriida-Holothuriidae-from-Santa-Catarina-coast-southern-Brazil.png 780w, https:\/\/pdbguilherme.com\/wp-content\/uploads\/2025\/10\/Screenshot-2025-10-25-at-11-44-26-View-of-Reproduction-of-the-sea-cucumber-Holothuria-Halodeima-grisea-Holothuriida-Holothuriidae-from-Santa-Catarina-coast-southern-Brazil.png 360w\" sizes=\"auto, (max-width: 480px) 150px\" src=\"https:\/\/pdbguilherme.com\/wp-content\/uploads\/2025\/10\/Screenshot-2025-10-25-at-11-44-26-View-of-Reproduction-of-the-sea-cucumber-Holothuria-Halodeima-grisea-Holothuriida-Holothuriidae-from-Santa-Catarina-coast-southern-Brazil-150x150.png\" alt=\"\" class=\"uag-image-396\" width=\"150\" height=\"150\" title=\"Screenshot 2025-10-25 at 11-44-26 View of Reproduction of the sea cucumber Holothuria (Halodeima) grisea (Holothuriida Holothuriidae) from Santa Catarina coast southern Brazil\" loading=\"lazy\" role=\"img\"\/><\/a><\/figure><\/div>\n<\/div>\n\n\n\n<div class=\"wp-block-uagb-container uagb-block-fb43ddab\">\n<p>TAVARES, Y. A. G. ; VASCONCELOS, Y. N. ; RUPP, G. S. ; <strong><mark style=\"background-color:rgba(0, 0, 0, 0)\" class=\"has-inline-color has-ti-accent-color\">GUILHERME, P.D.B.<\/mark><\/strong>; MARENZI, A. W. C. Reproduction of the sea cucumber Holothuria (Halodeima) grisea (Holothuriida: Holothuriidae) from Santa Catarina coast, southern Brazil. REVISTA DE BIOLOGIA TROPICAL, v. 73, p. 1-13, 2025. <a href=\"https:\/\/revistas.ucr.ac.cr\/index.php\/rrbt\/article\/view\/1\" target=\"_blank\" rel=\"noreferrer noopener\">Link<\/a><\/p>\n<\/div>\n<\/div>\n\n\n\n<div class=\"wp-block-uagb-container uagb-layout-grid uagb-block-a3347275 alignwide uagb-is-root-container\">\n<div class=\"wp-block-uagb-container uagb-block-26506319\">\n<div class=\"wp-block-uagb-image uagb-block-d509d2d0 wp-block-uagb-image--layout-default wp-block-uagb-image--effect-static wp-block-uagb-image--align-none\"><figure class=\"wp-block-uagb-image__figure\"><a class=\"\" href=\"https:\/\/doi.org\/10.1093\/etojnl\/vgaf195\" target=\"_blank\" rel=\"noreferrer noopener\"><img decoding=\"async\" srcset=\"https:\/\/pdbguilherme.com\/wp-content\/uploads\/2025\/10\/WhatsApp-Image-2025-10-25-at-11.52.17-1-150x150.jpeg ,https:\/\/pdbguilherme.com\/wp-content\/uploads\/2025\/10\/WhatsApp-Image-2025-10-25-at-11.52.17-1.jpeg 780w, https:\/\/pdbguilherme.com\/wp-content\/uploads\/2025\/10\/WhatsApp-Image-2025-10-25-at-11.52.17-1.jpeg 360w\" sizes=\"auto, (max-width: 480px) 150px\" src=\"https:\/\/pdbguilherme.com\/wp-content\/uploads\/2025\/10\/WhatsApp-Image-2025-10-25-at-11.52.17-1-150x150.jpeg\" alt=\"\" class=\"uag-image-398\" width=\"150\" height=\"150\" title=\"WhatsApp Image 2025-10-25 at 11.52.17\" loading=\"lazy\" role=\"img\"\/><\/a><\/figure><\/div>\n<\/div>\n\n\n\n<div class=\"wp-block-uagb-container uagb-block-72258f6c\">\n<p>SLONGO, P.; <strong><mark style=\"background-color:rgba(0, 0, 0, 0)\" class=\"has-inline-color has-ti-accent-color\">GUILHERME, P.D.B.<\/mark><\/strong>; FIGUEIREDO, J. A. G.; BETTIM, A. L.; MAROCHI, M. Z. Effectiveness of antimicrobial agents to reduce epibiont community in estuarine crab embryos. ENVIRONMENTAL TOXICOLOGY AND CHEMISTRY, v. 45, p. 1, 2025. <a href=\"https:\/\/doi.org\/10.1093\/etojnl\/vgaf195\" target=\"_blank\" rel=\"noreferrer noopener\">Link<\/a><\/p>\n<\/div>\n<\/div>\n\n\n\n<div class=\"wp-block-uagb-container uagb-layout-grid uagb-block-10b6b542 alignwide uagb-is-root-container\">\n<div class=\"wp-block-uagb-container uagb-block-10fb35e4\">\n<div class=\"wp-block-uagb-image uagb-block-6522b519 wp-block-uagb-image--layout-default wp-block-uagb-image--effect-static wp-block-uagb-image--align-none\"><figure class=\"wp-block-uagb-image__figure\"><a class=\"\" href=\"https:\/\/doi.org\/10.1111\/jbi.70033\" target=\"_blank\" rel=\"noreferrer noopener\"><img decoding=\"async\" srcset=\"https:\/\/pdbguilherme.com\/wp-content\/uploads\/2025\/10\/Screenshot-2025-10-25-at-11-57-04-Journal-of-Biogeography-Wiley-Online-Library-150x150.png ,https:\/\/pdbguilherme.com\/wp-content\/uploads\/2025\/10\/Screenshot-2025-10-25-at-11-57-04-Journal-of-Biogeography-Wiley-Online-Library.png 780w, https:\/\/pdbguilherme.com\/wp-content\/uploads\/2025\/10\/Screenshot-2025-10-25-at-11-57-04-Journal-of-Biogeography-Wiley-Online-Library.png 360w\" sizes=\"auto, (max-width: 480px) 150px\" src=\"https:\/\/pdbguilherme.com\/wp-content\/uploads\/2025\/10\/Screenshot-2025-10-25-at-11-57-04-Journal-of-Biogeography-Wiley-Online-Library-150x150.png\" alt=\"\" class=\"uag-image-400\" width=\"150\" height=\"150\" title=\"Screenshot 2025-10-25 at 11-57-04 Journal of Biogeography Wiley Online Library\" loading=\"lazy\" role=\"img\"\/><\/a><\/figure><\/div>\n<\/div>\n\n\n\n<div class=\"wp-block-uagb-container uagb-block-05c7b377\">\n<p>FEITOZA, L. A. G. ; <strong><mark style=\"background-color:rgba(0, 0, 0, 0)\" class=\"has-inline-color has-ti-accent-color\">GUILHERME, P.D.B.<\/mark><\/strong>; SANCHEZ, N. ; HERRANZ, M. ; CEPEDA, D. ; GONZALEZ-CASARRUBIOS, A. ; NEVES, R. C. ; PARDOS, F. ; DOMENICO, M. Macroecological and biogeographic patterns of Kinorhyncha in the Iberian Peninsula. JOURNAL OF BIOGEOGRAPHY, v. 00, p. e70033, 2025. <a href=\"https:\/\/doi.org\/10.1111\/jbi.70033\" target=\"_blank\" rel=\"noreferrer noopener\">Link<\/a>.<\/p>\n<\/div>\n<\/div>\n\n\n\n<div class=\"wp-block-uagb-container uagb-layout-grid uagb-block-dbb648f3 alignwide uagb-is-root-container\">\n<div class=\"wp-block-uagb-container uagb-block-16b1da88\">\n<div class=\"wp-block-uagb-image uagb-block-2a607af4 wp-block-uagb-image--layout-default wp-block-uagb-image--effect-static wp-block-uagb-image--align-none\"><figure class=\"wp-block-uagb-image__figure\"><a class=\"\" href=\"https:\/\/doi.org\/10.1590\/S1984-4689.v42.e24064\" target=\"_blank\" rel=\"noreferrer noopener\"><img decoding=\"async\" srcset=\"https:\/\/pdbguilherme.com\/wp-content\/uploads\/2025\/10\/dfsdf-150x150.png ,https:\/\/pdbguilherme.com\/wp-content\/uploads\/2025\/10\/dfsdf.png 780w, https:\/\/pdbguilherme.com\/wp-content\/uploads\/2025\/10\/dfsdf.png 360w\" sizes=\"auto, (max-width: 480px) 150px\" src=\"https:\/\/pdbguilherme.com\/wp-content\/uploads\/2025\/10\/dfsdf-150x150.png\" alt=\"\" class=\"uag-image-402\" width=\"150\" height=\"150\" title=\"dfsdf\" loading=\"lazy\" role=\"img\"\/><\/a><\/figure><\/div>\n<\/div>\n\n\n\n<div class=\"wp-block-uagb-container uagb-block-68c39e0a\">\n<p>BELZ, C. E. ; MOLINA, J. R. A. ; MACCARI, J. M. ; HUERGO, L. F. ; GERNET, M. V. ; ABILHOA, V.; ADELIR-ALVES, J.; CHICORA, V.; SOARES, G.C.B. ; VIEIRA, N. S. ; <strong><mark style=\"background-color:rgba(0, 0, 0, 0)\" class=\"has-inline-color has-ti-accent-color\">GUILHERME, P.D.B.<\/mark><\/strong>; SILVEIRA J\u00daNIOR, N.; MANZONI, G.; SILVA, F. C.; FREITAS, M. O. ; METRI, R.; SUPLICY, F. M. ; DOMINGOS, F. M. C. B. Assessing the fast geographic range expansion of the Asian green mussel, Perna viridis (Bivalvia: Mytilidae), in the Brazilian coastal waters. Zoologia, v. 42, p. 1-12, 2025. <a href=\"https:\/\/doi.org\/10.1590\/S1984-4689.v42.e24064\" target=\"_blank\" rel=\"noreferrer noopener\">Link<\/a>.<\/p>\n<\/div>\n<\/div>\n\n\n\n<div class=\"wp-block-uagb-container uagb-layout-grid uagb-block-6922755b alignwide uagb-is-root-container\">\n<div class=\"wp-block-uagb-container uagb-block-686a643e\">\n<div class=\"wp-block-uagb-image uagb-block-f4b4edb5 wp-block-uagb-image--layout-default wp-block-uagb-image--effect-static wp-block-uagb-image--align-none\"><figure class=\"wp-block-uagb-image__figure\"><a class=\"\" href=\"https:\/\/doi.org\/10.1007\/s10584-025-04022-2\" target=\"_blank\" rel=\"noreferrer noopener\"><img decoding=\"async\" srcset=\"https:\/\/pdbguilherme.com\/wp-content\/uploads\/2025\/10\/Screenshot-2025-10-25-at-12-10-21-PDF-Impacts-of-marine-heatwaves-on-benthic-estuarine-populations.png ,https:\/\/pdbguilherme.com\/wp-content\/uploads\/2025\/10\/Screenshot-2025-10-25-at-12-10-21-PDF-Impacts-of-marine-heatwaves-on-benthic-estuarine-populations.png 780w, https:\/\/pdbguilherme.com\/wp-content\/uploads\/2025\/10\/Screenshot-2025-10-25-at-12-10-21-PDF-Impacts-of-marine-heatwaves-on-benthic-estuarine-populations.png 360w\" sizes=\"auto, (max-width: 480px) 150px\" src=\"https:\/\/pdbguilherme.com\/wp-content\/uploads\/2025\/10\/Screenshot-2025-10-25-at-12-10-21-PDF-Impacts-of-marine-heatwaves-on-benthic-estuarine-populations.png\" alt=\"\" class=\"uag-image-404\" width=\"150\" height=\"150\" title=\"Screenshot 2025-10-25 at 12-10-21 (PDF) Impacts of marine heatwaves on benthic estuarine populations\" loading=\"lazy\" role=\"img\"\/><\/a><\/figure><\/div>\n<\/div>\n\n\n\n<div class=\"wp-block-uagb-container uagb-block-bd9c6a30\">\n<p>BETTIM, A. L.; MAROCHI, M. Z.; METRI, R.; <strong><mark style=\"background-color:rgba(0, 0, 0, 0)\" class=\"has-inline-color has-ti-accent-color\">GUILHERME, P.D.B.<\/mark><\/strong> Impacts of marine heatwaves on benthic estuarine populations. CLIMATIC CHANGE, v. 178, p. 1-18, 2025. <a href=\"https:\/\/doi.org\/10.1007\/s10584-025-04022-2\" target=\"_blank\" rel=\"noreferrer noopener\">Link<\/a>.<\/p>\n<\/div>\n<\/div>\n\n\n\n<div class=\"wp-block-uagb-container uagb-layout-grid uagb-block-4fe90f3e alignwide uagb-is-root-container\">\n<div class=\"wp-block-uagb-container uagb-block-2cef2d4b\">\n<div class=\"wp-block-uagb-image uagb-block-8043fc63 wp-block-uagb-image--layout-default wp-block-uagb-image--effect-static wp-block-uagb-image--align-none\"><figure class=\"wp-block-uagb-image__figure\"><a class=\"\" href=\"https:\/\/doi.org\/10.34024\/revbea.2024.v19.15624\" target=\"_blank\" rel=\"noreferrer noopener\"><img decoding=\"async\" srcset=\"https:\/\/pdbguilherme.com\/wp-content\/uploads\/2025\/10\/Screenshot-2025-10-25-at-12-14-22-Vista-do-Perspectiva-ambiental-dos-estudantes-do-ensino-basico-de-Paranagua-PR-sobre-o-ecossistema-manguezal-150x150.png ,https:\/\/pdbguilherme.com\/wp-content\/uploads\/2025\/10\/Screenshot-2025-10-25-at-12-14-22-Vista-do-Perspectiva-ambiental-dos-estudantes-do-ensino-basico-de-Paranagua-PR-sobre-o-ecossistema-manguezal.png 780w, https:\/\/pdbguilherme.com\/wp-content\/uploads\/2025\/10\/Screenshot-2025-10-25-at-12-14-22-Vista-do-Perspectiva-ambiental-dos-estudantes-do-ensino-basico-de-Paranagua-PR-sobre-o-ecossistema-manguezal.png 360w\" sizes=\"auto, (max-width: 480px) 150px\" src=\"https:\/\/pdbguilherme.com\/wp-content\/uploads\/2025\/10\/Screenshot-2025-10-25-at-12-14-22-Vista-do-Perspectiva-ambiental-dos-estudantes-do-ensino-basico-de-Paranagua-PR-sobre-o-ecossistema-manguezal-150x150.png\" alt=\"\" class=\"uag-image-406\" width=\"150\" height=\"150\" title=\"Screenshot 2025-10-25 at 12-14-22 Vista do Perspectiva ambiental dos estudantes do ensino b\u00e1sico de Paranagu\u00e1 (PR) sobre o ecossistema manguezal\" loading=\"lazy\" role=\"img\"\/><\/a><\/figure><\/div>\n<\/div>\n\n\n\n<div class=\"wp-block-uagb-container uagb-block-e2fe0ae3\">\n<p>FERREIRA, M. L.; SILVA, W. M.; DAVANZO, J. G. C.; <strong><mark style=\"background-color:rgba(0, 0, 0, 0)\" class=\"has-inline-color has-ti-accent-color\">GUILHERME, P.D.B.<\/mark><\/strong> Perspectiva ambiental dos estudantes do ensino b\u00e1sico de Paranagu\u00e1 (PR) sobre o ecossistema manguezal. REVISTA BRASILEIRA DE EDUCA\u00c7\u00c3O AMBIENTAL (ONLINE), v. 19, p. 192-217, 2024. <a href=\"https:\/\/doi.org\/10.34024\/revbea.2024.v19.15624\" target=\"_blank\" rel=\"noreferrer noopener\">Link<\/a>.<\/p>\n<\/div>\n<\/div>\n\n\n\n<div class=\"wp-block-uagb-container uagb-layout-grid uagb-block-d4bdc94b alignwide uagb-is-root-container\">\n<div class=\"wp-block-uagb-container uagb-block-5a86eec2\">\n<div class=\"wp-block-uagb-image uagb-block-8be672c8 wp-block-uagb-image--layout-default wp-block-uagb-image--effect-static wp-block-uagb-image--align-none\"><figure class=\"wp-block-uagb-image__figure\"><a class=\"\" href=\"https:\/\/doi.org\/10.1590\/2675-2824072.23088\" target=\"_blank\" rel=\"noreferrer noopener\"><img decoding=\"async\" srcset=\"https:\/\/pdbguilherme.com\/wp-content\/uploads\/2025\/10\/Screenshot-2025-10-25-at-12-18-37-https-__www.scielo.br_j_ocr_a_8tGNp4wxYmsds6mW4TvLWzs_-format-pdflang-en-150x150.png ,https:\/\/pdbguilherme.com\/wp-content\/uploads\/2025\/10\/Screenshot-2025-10-25-at-12-18-37-https-__www.scielo.br_j_ocr_a_8tGNp4wxYmsds6mW4TvLWzs_-format-pdflang-en.png 780w, https:\/\/pdbguilherme.com\/wp-content\/uploads\/2025\/10\/Screenshot-2025-10-25-at-12-18-37-https-__www.scielo.br_j_ocr_a_8tGNp4wxYmsds6mW4TvLWzs_-format-pdflang-en.png 360w\" sizes=\"auto, (max-width: 480px) 150px\" src=\"https:\/\/pdbguilherme.com\/wp-content\/uploads\/2025\/10\/Screenshot-2025-10-25-at-12-18-37-https-__www.scielo.br_j_ocr_a_8tGNp4wxYmsds6mW4TvLWzs_-format-pdflang-en-150x150.png\" alt=\"\" class=\"uag-image-407\" width=\"150\" height=\"150\" title=\"Screenshot 2025-10-25 at 12-18-37 https __www.scielo.br_j_ocr_a_8tGNp4wxYmsds6mW4TvLWzs_ format pdf&amp;lang en\" loading=\"lazy\" role=\"img\"\/><\/a><\/figure><\/div>\n<\/div>\n\n\n\n<div class=\"wp-block-uagb-container uagb-block-121191a2\">\n<p>METRI, R.; BAPTISTA-METRI, C.; TAVARES, Y. A. G. ; LACERDA, M. B.; CORREIA, E. L.; SOARES, G. C. B.; <strong><mark style=\"background-color:rgba(0, 0, 0, 0)\" class=\"has-inline-color has-ti-accent-color\">GUILHERME, P.D.B.<\/mark><\/strong> Navigation buoys as stepping-stones for invasive species. OCEAN AND COASTAL RESEARCH, v. 72, p. 1-15, 2024. <a href=\"https:\/\/doi.org\/10.1590\/2675-2824072.23088\" target=\"_blank\" rel=\"noreferrer noopener\">Link<\/a>.<\/p>\n<\/div>\n<\/div>\n\n\n\n<div class=\"wp-block-uagb-container uagb-layout-grid uagb-block-daca95c9 alignwide uagb-is-root-container\">\n<div class=\"wp-block-uagb-container uagb-block-c9347abd\">\n<div class=\"wp-block-uagb-image uagb-block-c74d560e wp-block-uagb-image--layout-default wp-block-uagb-image--effect-static wp-block-uagb-image--align-none\"><figure class=\"wp-block-uagb-image__figure\"><a class=\"\" href=\"http:\/\/dx.doi.org\/10.1017\/s0025315423000383\" target=\"_blank\" rel=\"noreferrer noopener\"><img decoding=\"async\" srcset=\"https:\/\/pdbguilherme.com\/wp-content\/uploads\/2025\/10\/Screenshot-2025-10-25-at-11-21-29-S0025315423000383jxx-1.16-Serranoetal.2023-AnewspeciesofOphiocomafromArchipelagoTrindadeandMartinVaz.pdf-1-150x150.png ,https:\/\/pdbguilherme.com\/wp-content\/uploads\/2025\/10\/Screenshot-2025-10-25-at-11-21-29-S0025315423000383jxx-1.16-Serranoetal.2023-AnewspeciesofOphiocomafromArchipelagoTrindadeandMartinVaz.pdf-1.png 780w, https:\/\/pdbguilherme.com\/wp-content\/uploads\/2025\/10\/Screenshot-2025-10-25-at-11-21-29-S0025315423000383jxx-1.16-Serranoetal.2023-AnewspeciesofOphiocomafromArchipelagoTrindadeandMartinVaz.pdf-1.png 360w\" sizes=\"auto, (max-width: 480px) 150px\" src=\"https:\/\/pdbguilherme.com\/wp-content\/uploads\/2025\/10\/Screenshot-2025-10-25-at-11-21-29-S0025315423000383jxx-1.16-Serranoetal.2023-AnewspeciesofOphiocomafromArchipelagoTrindadeandMartinVaz.pdf-1-150x150.png\" alt=\"\" class=\"uag-image-393\" width=\"150\" height=\"150\" title=\"Screenshot 2025-10-25 at 11-21-29 S0025315423000383jxx 1..16 - Serranoetal.2023-AnewspeciesofOphiocomafromArchipelagoTrindadeandMartinVaz.pdf\" loading=\"lazy\" role=\"img\"\/><\/a><\/figure><\/div>\n<\/div>\n\n\n\n<div class=\"wp-block-uagb-container uagb-block-206b09e5\">\n<p>SERRANO, H.; DAMIANO, C.J.S.; ALITTO, R.A.S.; <strong><mark style=\"background-color:rgba(0, 0, 0, 0)\" class=\"has-inline-color has-ti-accent-color\">GUILHERME, P.D.B.<\/mark><\/strong>; CERQUEIRA, W.R.P. ; MENDON\u00c7A, J.B.; TAVARES, M.; BORGES, M. A new species of Ophiocoma (Echinodermata: Ophiuroidea) from Archipelago Trindade and Martin Vaz, Southeastern Atlantic, and redescription of <em>Ophiocoma echinata<\/em>. JOURNAL OF THE MARINE BIOLOGICAL ASSOCIATION OF THE UNITED KINGDOM, v. 103, p. 1-16, 2023. <a href=\"http:\/\/dx.doi.org\/10.1017\/s0025315423000383\">Link<\/a><\/p>\n<\/div>\n<\/div>\n\n\n\n<div class=\"wp-block-uagb-container uagb-layout-grid uagb-block-599b0c81 alignwide uagb-is-root-container\">\n<div class=\"wp-block-uagb-container uagb-block-85354cdf\">\n<div class=\"wp-block-uagb-image uagb-block-af38de70 wp-block-uagb-image--layout-default wp-block-uagb-image--effect-static wp-block-uagb-image--align-none\"><figure class=\"wp-block-uagb-image__figure\"><a class=\"\" href=\"http:\/\/dx.doi.org\/10.11606\/1807-0205\/2023.63.026\" target=\"_blank\" rel=\"noreferrer noopener\"><img decoding=\"async\" srcset=\"https:\/\/pdbguilherme.com\/wp-content\/uploads\/2025\/10\/Screenshot-2025-10-25-at-12-21-09-View-of-First-record-of-the-heart-urchin-Plagiobrissus-grandis-Gmelin-1791-Echinodermata-Echinoidea-in-the-coastal-region-of-Parana-southern-Brazil-150x150.png ,https:\/\/pdbguilherme.com\/wp-content\/uploads\/2025\/10\/Screenshot-2025-10-25-at-12-21-09-View-of-First-record-of-the-heart-urchin-Plagiobrissus-grandis-Gmelin-1791-Echinodermata-Echinoidea-in-the-coastal-region-of-Parana-southern-Brazil.png 780w, https:\/\/pdbguilherme.com\/wp-content\/uploads\/2025\/10\/Screenshot-2025-10-25-at-12-21-09-View-of-First-record-of-the-heart-urchin-Plagiobrissus-grandis-Gmelin-1791-Echinodermata-Echinoidea-in-the-coastal-region-of-Parana-southern-Brazil.png 360w\" sizes=\"auto, (max-width: 480px) 150px\" src=\"https:\/\/pdbguilherme.com\/wp-content\/uploads\/2025\/10\/Screenshot-2025-10-25-at-12-21-09-View-of-First-record-of-the-heart-urchin-Plagiobrissus-grandis-Gmelin-1791-Echinodermata-Echinoidea-in-the-coastal-region-of-Parana-southern-Brazil-150x150.png\" alt=\"\" class=\"uag-image-409\" width=\"150\" height=\"150\" title=\"Screenshot 2025-10-25 at 12-21-09 View of First record of the heart urchin Plagiobrissus grandis (Gmelin 1791) (Echinodermata Echinoidea) in the coastal region of Paran\u00e1 southern Brazil\" loading=\"lazy\" role=\"img\"\/><\/a><\/figure><\/div>\n<\/div>\n\n\n\n<div class=\"wp-block-uagb-container uagb-block-062808f2\">\n<p><strong><mark style=\"background-color:rgba(0, 0, 0, 0)\" class=\"has-inline-color has-ti-accent-color\">GUILHERME, P.D.B.<\/mark><\/strong>; BUENO, M.L.; METRI, R.; BAPTISTA-METRI, C.; LOOSE, R.H.; TAVARES, Y.A.G. First record of the heart urchin <em>Plagiobrissus grandis<\/em> (Gmelin, 1791) (Echinodermata: Echinoidea) in the coastal region of Paran\u00e1, southern Brazil. PAP\u00c9IS AVULSOS DE ZOOLOGIA (ONLINE), v. 63, p. e202363026, 2023. <a href=\"http:\/\/dx.doi.org\/10.11606\/1807-0205\/2023.63.026\" data-type=\"link\" data-id=\"http:\/\/dx.doi.org\/10.11606\/1807-0205\/2023.63.026\">Link<\/a><\/p>\n<\/div>\n<\/div>\n\n\n\n<div class=\"wp-block-uagb-container uagb-layout-grid uagb-block-d80e6f14 alignwide uagb-is-root-container\">\n<div class=\"wp-block-uagb-container uagb-block-19b93edc\">\n<div class=\"wp-block-uagb-image uagb-block-f81502c7 wp-block-uagb-image--layout-default wp-block-uagb-image--effect-static wp-block-uagb-image--align-none\"><figure class=\"wp-block-uagb-image__figure\"><a class=\"\" href=\"http:\/\/dx.doi.org\/10.1017\/s0025315423000383\" target=\"_blank\" rel=\"noreferrer noopener\"><img decoding=\"async\" srcset=\"https:\/\/pdbguilherme.com\/wp-content\/uploads\/2025\/10\/Screenshot-2025-10-25-at-10-58-12-Vista-de-Inteligencia-Ambiental-Data-Symbion-de-la-genesis-a-la-reestructuracion.png ,https:\/\/pdbguilherme.com\/wp-content\/uploads\/2025\/10\/Screenshot-2025-10-25-at-10-58-12-Vista-de-Inteligencia-Ambiental-Data-Symbion-de-la-genesis-a-la-reestructuracion.png 780w, https:\/\/pdbguilherme.com\/wp-content\/uploads\/2025\/10\/Screenshot-2025-10-25-at-10-58-12-Vista-de-Inteligencia-Ambiental-Data-Symbion-de-la-genesis-a-la-reestructuracion.png 360w\" sizes=\"auto, (max-width: 480px) 150px\" src=\"https:\/\/pdbguilherme.com\/wp-content\/uploads\/2025\/10\/Screenshot-2025-10-25-at-10-58-12-Vista-de-Inteligencia-Ambiental-Data-Symbion-de-la-genesis-a-la-reestructuracion.png\" alt=\"\" class=\"uag-image-389\" width=\"150\" height=\"150\" title=\"Screenshot 2025-10-25 at 10-58-12 Vista de Inteligencia Ambiental Data Symbion de la g\u00e9nesis a la reestructuraci\u00f3n\" loading=\"lazy\" role=\"img\"\/><\/a><\/figure><\/div>\n<\/div>\n\n\n\n<div class=\"wp-block-uagb-container uagb-block-bd0df55c\">\n<p>LUCCA, G.; NUNES BORGES, E.; HUSZCZA, R.; LOPES, J.; PERIN, H. A.; PEREIRA, L. A.; METRI, R.; &amp; <mark style=\"background-color:rgba(0, 0, 0, 0)\" class=\"has-inline-color has-ti-accent-color\">BORGES GUILHERME, P. D.<\/mark> Inteligencia Ambiental Data Symbion: de la g\u00e9nesis a la reestructuraci\u00f3n. <em>Proyecci\u00f3n. Estudios Geogr\u00e1ficos Y De Ordenamiento Territorial<\/em>, <em>17<\/em>(34), 182\u2013202. 2023. <a href=\"https:\/\/revistas.uncu.edu.ar\/ojs3\/index.php\/proyeccion\/article\/view\/7106\" data-type=\"link\" data-id=\"https:\/\/revistas.uncu.edu.ar\/ojs3\/index.php\/proyeccion\/article\/view\/7106\">Link<\/a><\/p>\n<\/div>\n<\/div>\n\n\n\n<details class=\"wp-block-details is-layout-flow wp-block-details-is-layout-flow\"><summary>Artigos em Revista Cient\u00edfica<\/summary>\n<p>CHAGAS, G.C.S.; ALITTO, R.A.S.; SERRANO, H.; GRANADIER, G.; <mark style=\"background-color:rgba(0, 0, 0, 0)\" class=\"has-inline-color has-ti-accent-color\"><strong>GUILHERME, P.D.B.<\/strong> <\/mark>; BORGES, M. New diagnostic characters for <em>Amphiodia<\/em> and <em>Ophiophragmus<\/em> (Amphiuridae, Ophiuroidea, Echinodermata). JOURNAL OF THE MARINE BIOLOGICAL ASSOCIATION OF THE UNITED KINGDOM, v. -, p. 1-23, 2020. <a href=\"http:\/\/dx.doi.org\/10.1017\/s0025315420000521\" data-type=\"link\" data-id=\"http:\/\/dx.doi.org\/10.1017\/s0025315420000521\">Link<\/a><\/p>\n\n\n\n<p>STAKOWIAN, N. ; <strong><mark style=\"background-color:rgba(0, 0, 0, 0)\" class=\"has-inline-color has-ti-accent-color\">GUILHERME, P.D.B.<\/mark><\/strong>; FERREIRA, A. M. ; BUENO, M.L.; TAVARES, Y.A.G. Reproductive investment of <em>Perna perna<\/em> (Mytilida: Mytilidae) in subtropical regions: combining several methods. PAN-AMERICAN JOURNAL OF AQUATIC SCIENCES, v. 15, p. 178-194, 2020. <a href=\"https:\/\/panamjas.org\/pdf_artigos\/PANAMJAS_15(3)_178-194.pdf\" data-type=\"link\" data-id=\"https:\/\/panamjas.org\/pdf_artigos\/PANAMJAS_15(3)_178-194.pdf\">Link<\/a><\/p>\n\n\n\n<p>METRI, C.; <strong><mark style=\"background-color:rgba(0, 0, 0, 0)\" class=\"has-inline-color has-ti-accent-color\">GUILHERME, P.D.B.<\/mark><\/strong>; TAVARES, M. Yet another record of <em>Scylla serrata<\/em> Forssk\u00e5l,&nbsp;1775 (Crustacea: Decapoda: Portunidae) from the western Atlantic. PAP\u00c9IS AVULSOS DE ZOOLOGIA (ONLINE), v. 60, p. e20206062, 2020. <a href=\"http:\/\/dx.doi.org\/10.11606\/1807-0205\/2020.60.62\" data-type=\"link\" data-id=\"http:\/\/dx.doi.org\/10.11606\/1807-0205\/2020.60.62\">Link<\/a><\/p>\n\n\n\n<p>ALITTO, R.A.S.; AMARAL, A.C.Z. ; DIAS, L.O.; SERRANO, H.; SEGER, K.R.; <strong><mark style=\"background-color:rgba(0, 0, 0, 0)\" class=\"has-inline-color has-ti-accent-color\">GUILHERME, P.D.B.<\/mark><\/strong>; DOMENICO, M.; CHRISTENSEN, A.B.; LOURENCO, L.B.; TAVARES, M.D.S.; BORGES, M. Atlantic West <em>Ophiothrix<\/em> spp. in the scope of integrative taxonomy: Confirming the existence of <em>Ophiothrix trindadensis<\/em> Tommasi, 1970. PLoS One, v. 14, p. e0210331-28, 2019. <a href=\"http:\/\/dx.doi.org\/10.1371\/journal.pone.0210331\" data-type=\"link\" data-id=\"http:\/\/dx.doi.org\/10.1371\/journal.pone.0210331\">Link<\/a><\/p>\n\n\n\n<p>ALITTO, R.A.S.; BUENO, M.L.; <strong><mark style=\"background-color:rgba(0, 0, 0, 0)\" class=\"has-inline-color has-ti-accent-color\">GUILHERME, P.D.B.<\/mark><\/strong>; DI DOMENICO, M.; CHRISTENSEN, A. B.; BORGES, M. Shallow-water brittle stars (Echinodermata: Ophiuroidea) from Ara\u00e7\u00e1 Bay (Southeastern Brazil), with spatial distribution considerations. Zootaxa (Online), v. 4405, p. 1-66, 2018. <a href=\"http:\/\/dx.doi.org\/10.11646\/zootaxa.4405.1.1\" data-type=\"link\" data-id=\"http:\/\/dx.doi.org\/10.11646\/zootaxa.4405.1.1\">Link<\/a><\/p>\n\n\n\n<p><strong><mark style=\"background-color:rgba(0, 0, 0, 0)\" class=\"has-inline-color has-ti-accent-color\">GUILHERME, P.D.B.<\/mark><\/strong>; BORZONE, C.A.; PADIAL, A.A.; HARRIS, L. A semi-automated approach to classify and map ecological zones across the dune-beach interface. Estuarine Coastal and Shelf Science, p. 61-69, 2018. <a href=\"http:\/\/dx.doi.org\/10.1016\/j.ecss.2018.04.030\" data-type=\"link\" data-id=\"http:\/\/dx.doi.org\/10.1016\/j.ecss.2018.04.030\">Link<\/a><\/p>\n\n\n\n<p>BUENO, M.L.; ALITTO, R.A.S.; <strong><mark style=\"background-color:rgba(0, 0, 0, 0)\" class=\"has-inline-color has-ti-accent-color\">GUILHERME, P.D.B.<\/mark><\/strong>; DI DOMENICO, M.; BORGES, M. Guia ilustrado dos Echinodermata da por\u00e7\u00e3o sul do Embaiamento Sul Brasileiro. Pesquisa e Ensino em Ci\u00eancias Exatas e da Natureza, v. 2, p. 169-237, 2018. <a href=\"http:\/\/dx.doi.org\/10.29215\/pecen.v2i2.1071\" data-type=\"link\" data-id=\"http:\/\/dx.doi.org\/10.29215\/pecen.v2i2.1071\">Link<\/a><\/p>\n\n\n\n<p><strong><mark style=\"background-color:rgba(0, 0, 0, 0)\" class=\"has-inline-color has-ti-accent-color\">GUILHERME, P.D.B.<\/mark><\/strong>; BORZONE, C.A.; BUENO, M.L.; LAMOUR, M.R. An\u00e1lise granulom\u00e9trica de sedimentos arenosos de praias atrav\u00e9s de imagens digitais. Descri\u00e7\u00e3o de um protocolo de mensura\u00e7\u00e3o de part\u00edculas no software ImageJ &#8211; Fiji. Brazilian Journal Of Aquatic Science And Technology, v. 19, p. 23-32, 2016. <a href=\"http:\/\/dx.doi.org\/10.14210\/bjast.v19n2.6874\" data-type=\"link\" data-id=\"http:\/\/dx.doi.org\/10.14210\/bjast.v19n2.6874\">Link<\/a><\/p>\n\n\n\n<p><strong><strong><mark style=\"background-color:rgba(0, 0, 0, 0)\" class=\"has-inline-color has-ti-accent-color\">GUILHERME, P.D.B.<\/mark><\/strong><\/strong>; BRUSTOLIN, M.C.; BUENO, M.L. Distribution patterns of ectosymbiont crabs and their sand dollar hosts in a subtropical estuarine sandflat. Revista de Biologia Tropical, v. 63, p. 209-220, 2015. <a href=\"https:\/\/www.scielo.sa.cr\/scielo.php?script=sci_arttext&amp;pid=S0034-77442015000600209\" data-type=\"link\" data-id=\"https:\/\/www.scielo.sa.cr\/scielo.php?script=sci_arttext&amp;pid=S0034-77442015000600209\">Link<\/a><\/p>\n\n\n\n<p>GANDARA-MARTINS, A.L.; BORZONE, C.A.; <strong><strong><mark style=\"background-color:rgba(0, 0, 0, 0)\" class=\"has-inline-color has-ti-accent-color\">GUILHERME, P.D.B.<\/mark><\/strong><\/strong>; VIEIRA, J.V. Spatial Effects of a Washout on Sandy Beach Macrofauna Zonation and Abundance. Journal of Coastal Research, v. 316, p. 1459-1468, 2015. <a href=\"http:\/\/dx.doi.org\/10.2112\/JCOASTRES-D-13-00154.1\" data-type=\"link\" data-id=\"http:\/\/dx.doi.org\/10.2112\/JCOASTRES-D-13-00154.1\">Link<\/a><\/p>\n\n\n\n<p><strong><strong><strong><mark style=\"background-color:rgba(0, 0, 0, 0)\" class=\"has-inline-color has-ti-accent-color\">GUILHERME, P.D.B.<\/mark><\/strong><\/strong><\/strong>; ROSA, L.C. Variaciones estacionales en el tama\u00f1o corporal y dieta de la estrella de mar Astropecten marginatus (Paxillosida, Astropectinidae) frente a la costa de Paran\u00e1, sur de Brasil. Revista de Biologia Tropical, v. 62, p. 59-68, 2014. <a href=\"https:\/\/doi.org\/10.15517\/rbt.v62i1.7888\" data-type=\"link\" data-id=\"https:\/\/doi.org\/10.15517\/rbt.v62i1.7888\">Link<\/a><\/p>\n\n\n\n<p>ROSA, L.C.; <strong><strong><strong><mark style=\"background-color:rgba(0, 0, 0, 0)\" class=\"has-inline-color has-ti-accent-color\">GUILHERME, P.D.B.<\/mark><\/strong><\/strong><\/strong> Exploited resources in the live bait trade on the coastal shore of Paran\u00e1, southern Brazil. Scientia Plena, v. 10, p. 101001, 2014. <a href=\"https:\/\/www.scientiaplena.org.br\/sp\/article\/view\/1860\" data-type=\"link\" data-id=\"https:\/\/www.scientiaplena.org.br\/sp\/article\/view\/1860\">Link<\/a><\/p>\n<\/details>\n\n\n\n<details class=\"wp-block-details is-layout-flow wp-block-details-is-layout-flow\"><summary>Artigos em Revista de Divulga\u00e7\u00e3o<\/summary>\n<p><strong><mark style=\"background-color:rgba(0, 0, 0, 0)\" class=\"has-inline-color has-ti-accent-color\">GUILHERME, P.D.B.<\/mark><\/strong>; FREITAS, L.B. Caramujos e carac\u00f3is na literatura desenhada. AGARONIA, v. 4(1), 2022. <a href=\"https:\/\/571061ae-d50c-46f2-a08a-913e86716e8c.filesusr.com\/ugd\/c103b3_efa97689f1a7412ca77a1fa5064c5ecb.pdf\" data-type=\"link\" data-id=\"https:\/\/571061ae-d50c-46f2-a08a-913e86716e8c.filesusr.com\/ugd\/c103b3_efa97689f1a7412ca77a1fa5064c5ecb.pdf\">Link<\/a><\/p>\n\n\n\n<p><strong><mark style=\"background-color:rgba(0, 0, 0, 0)\" class=\"has-inline-color has-ti-accent-color\">GUILHERME, P.D.B.<\/mark><\/strong>; GERNET, M. de V. Moluscos ao inv\u00e9s de uvas passas, nas receitas de Natal do s\u00e9culo XIX. AGARONIA, v. 3 (4), 2021. <a href=\"https:\/\/571061ae-d50c-46f2-a08a-913e86716e8c.filesusr.com\/ugd\/c103b3_2885c085dbcb4ae3ba0efe5a06e783d0.pdf\" data-type=\"link\" data-id=\"https:\/\/571061ae-d50c-46f2-a08a-913e86716e8c.filesusr.com\/ugd\/c103b3_2885c085dbcb4ae3ba0efe5a06e783d0.pdf\">Link<\/a><\/p>\n\n\n\n<p><mark style=\"background-color:rgba(0, 0, 0, 0)\" class=\"has-inline-color has-ti-accent-color\"><strong>GUILHERME, P.D.B<\/strong>.<\/mark>; METRI, R. Legi\u00e3o dos Super Moluscos. AGARONIA, v. 3 (3), 2021. <a href=\"https:\/\/571061ae-d50c-46f2-a08a-913e86716e8c.filesusr.com\/ugd\/c103b3_51cdba2dd3ae4588a3a4fc620a1cf0e3.pdf\" data-type=\"link\" data-id=\"https:\/\/571061ae-d50c-46f2-a08a-913e86716e8c.filesusr.com\/ugd\/c103b3_51cdba2dd3ae4588a3a4fc620a1cf0e3.pdf\">Link<\/a><\/p>\n\n\n\n<p><strong><mark style=\"background-color:rgba(0, 0, 0, 0)\" class=\"has-inline-color has-ti-accent-color\">GUILHERME, P.D.B.<\/mark><\/strong>; SILVA, R.J.R. Cento e vinte e nove anos de moluscos no Brasil (1740 a 1869): Not\u00edcias, folhetim, ci\u00eancias, pseudo-ci\u00eancia, misoginia&#8230; ou curiosidades. AGARONIA, v. 3 (2), 2021. <a href=\"https:\/\/571061ae-d50c-46f2-a08a-913e86716e8c.filesusr.com\/ugd\/c103b3_243e75b9c76b4ae7b24929aa168b4589.pdf\" data-type=\"link\" data-id=\"https:\/\/571061ae-d50c-46f2-a08a-913e86716e8c.filesusr.com\/ugd\/c103b3_243e75b9c76b4ae7b24929aa168b4589.pdf\">Link<\/a><\/p>\n\n\n\n<p><strong><mark style=\"background-color:rgba(0, 0, 0, 0)\" class=\"has-inline-color has-ti-accent-color\">GUILHERME, P.D.B.<\/mark><\/strong>; PEREIRA, L.A. Batalhas medievais, ressurrei\u00e7\u00e3o, carac\u00f3is e apropria\u00e7\u00f5es indevidas de suas conchas. AGARONIA, v. 3 (1), 2021. <a href=\"https:\/\/571061ae-d50c-46f2-a08a-913e86716e8c.filesusr.com\/ugd\/c103b3_5b97e84735174cb4a64eb7177bd4ccdc.pdf\" data-type=\"link\" data-id=\"https:\/\/571061ae-d50c-46f2-a08a-913e86716e8c.filesusr.com\/ugd\/c103b3_5b97e84735174cb4a64eb7177bd4ccdc.pdf\">Link<\/a><\/p>\n<\/details>\n\n\n\n<details class=\"wp-block-details is-layout-flow wp-block-details-is-layout-flow\"><summary>Cap\u00edtulos de Livros<\/summary>\n<p>TAVARES, Y.A.G.; SEMANOVSCHI, N.P.; <strong><mark style=\"background-color:rgba(0, 0, 0, 0)\" class=\"has-inline-color has-ti-accent-color\">GUILHERME, P.D.B.<\/mark><\/strong>; BORZONE, C.A.; NATIVIDADE, C.D. Equinodermatofauna acompanhante na pesca de arrasto do camar\u00e3o Sete-Barbas no litoral do Paran\u00e1. In: Franciane Pellizzari; Josiane Aparecida Gomes-Figueiredo. (Org.). <strong>O meio ambiente litor\u00e2neo e insular do Paran\u00e1<\/strong>. 1ed. Ponta Grossa: Atena Editora, 2021, p. 59-76. <a href=\"http:\/\/dx.doi.org\/10.22533\/at.ed.7502105074\" data-type=\"link\" data-id=\"http:\/\/dx.doi.org\/10.22533\/at.ed.7502105074\">Link<\/a><\/p>\n\n\n\n<p>SANTOS-SILVA, M.C.; MENDON\u00c7A, I.R.W.; <strong><mark style=\"background-color:rgba(0, 0, 0, 0)\" class=\"has-inline-color has-ti-accent-color\">GUILHERME, P.D.B.<\/mark><\/strong> Bioestat\u00edstica aplicada \u00e0 Ecologia de Ecossistemas Litor\u00e2neos e Insulares. In: Franciane Pellizzari; Josiane Aparecida Gomes-Figueiredo. (Org.). <strong>O meio ambiente litor\u00e2neo e insular do Paran\u00e1<\/strong>. 1ed. Ponta Grossa: Atena Editora, 2021, p. 128-146. <a href=\"http:\/\/dx.doi.org\/10.22533\/at.ed.7502105079\" data-type=\"link\" data-id=\"http:\/\/dx.doi.org\/10.22533\/at.ed.7502105079\">Link<\/a><\/p>\n\n\n\n<p>PEREIRA, L.A. ; PERLIN, H.A. ; <strong><mark style=\"background-color:rgba(0, 0, 0, 0)\" class=\"has-inline-color has-ti-accent-color\">GUILHERME, P.D.B.<\/mark><\/strong> Inova\u00e7\u00e3o no Litoral do Paran\u00e1: Ciclos hist\u00f3ricos, descompassos e novas possibilidades para sustentabilidade. In: Silvestre Labiak Jr. (Org.). SRI &#8211; Sistema Regional de Inova\u00e7\u00e3o \/ Litoral\/PR: do conceito \u00e0 aplica\u00e7\u00e3o. 1ed. Curitiba: Sebrae \/ Funespar, 2020, v. 1, p. 112-139.<\/p>\n\n\n\n<p>COTTENS, K.; METRI, C.B.; METRI, R.; <strong><mark style=\"background-color:rgba(0, 0, 0, 0)\" class=\"has-inline-color has-ti-accent-color\">GUILHERME, P.D.B.<\/mark><\/strong> Ocorr\u00eancia de esp\u00e9cies ex\u00f3ticas marinhas na \u00e1rea de prote\u00e7\u00e3o ambiental de Guaraque\u00e7aba &#8211; PR. In: Magn\u00f3lia de Ara\u00fajo Campos; Daniele Jovem-Azev\u00eado. (Org.). Biodiversidade Brasileira: Aspectos do Estado Atual 2. 1ed.Ponta Grossa: Atena Editora, 2019, v. , p. 43-51. <a href=\"http:\/\/dx.doi.org\/10.22533\/at.ed.6251926125\" data-type=\"link\" data-id=\"http:\/\/dx.doi.org\/10.22533\/at.ed.6251926125\">Link<\/a><\/p>\n\n\n\n<p><strong><mark style=\"background-color:rgba(0, 0, 0, 0)\" class=\"has-inline-color has-ti-accent-color\">GUILHERME, P.D.B.<\/mark><\/strong>; SOUZA, J.R.B. An\u00e1lise Estat\u00edstica no R. In: Jos\u00e9 Roberto Botelho de Souza.. (Org.). Bioestat\u00edstica: curso pr\u00e1tico utilizando R e Excel. 1ed.Recife: Editora UFPE, 2019, v. , p. 207-304.<\/p>\n\n\n\n<p>BORZONE, C.A.; ROSA, L.C. ; <strong><mark style=\"background-color:rgba(0, 0, 0, 0)\" class=\"has-inline-color has-ti-accent-color\">GUILHERME, P.D.B.<\/mark><\/strong>; VIEIRA, J.V. Monitoramento de Popula\u00e7\u00f5es de <em>Ocypode quadrata<\/em> (CRUSTACEA: DECAPODA). In: Alexander Turra; Marcia Regina Denadai. (Org.). Protocolos para o Monitoramento de Habitats Bent\u00f4nicos Costeiros &#8211; Rede de Monitoramento de Habitats Bent\u00f4nicos Costeiros &#8211; ReBentos. 1ed.S\u00e3o Paulo: Instituto Oceanogr\u00e1fico da Universidade de S\u00e3o Paulo, 2015, v. , p. 244-249. <a href=\"http:\/\/dx.doi.org\/10.7476\/9788598729251\" data-type=\"link\" data-id=\"http:\/\/dx.doi.org\/10.7476\/9788598729251\">Link<\/a><\/p>\n<\/details>\n","protected":false},"excerpt":{"rendered":"<p>Artigos em Revista Cient\u00edfica TAVARES, Y. A. G. ; VASCONCELOS, Y. N. ; RUPP, G. S. ; GUILHERME, P.D.B.; MARENZI, A. W. C. Reproduction of the sea cucumber Holothuria (Halodeima) grisea (Holothuriida: Holothuriidae) from Santa Catarina coast, southern Brazil. REVISTA DE BIOLOGIA TROPICAL, v. 73, p. 1-13, 2025. Link SLONGO, P.; GUILHERME, P.D.B.; FIGUEIREDO, J. [&hellip;]<\/p>\n","protected":false},"author":1,"featured_media":0,"parent":0,"menu_order":0,"comment_status":"closed","ping_status":"closed","template":"","meta":{"_uag_custom_page_level_css":"","footnotes":""},"class_list":["post-53","page","type-page","status-publish","hentry"],"uagb_featured_image_src":{"full":false,"thumbnail":false,"medium":false,"medium_large":false,"large":false,"1536x1536":false,"2048x2048":false},"uagb_author_info":{"display_name":"pdbguilherme","author_link":"https:\/\/pdbguilherme.com\/?author=1"},"uagb_comment_info":0,"uagb_excerpt":"Artigos em Revista Cient\u00edfica TAVARES, Y. A. G. ; VASCONCELOS, Y. N. ; RUPP, G. S. ; GUILHERME, P.D.B.; MARENZI, A. W. C. Reproduction of the sea cucumber Holothuria (Halodeima) grisea (Holothuriida: Holothuriidae) from Santa Catarina coast, southern Brazil. REVISTA DE BIOLOGIA TROPICAL, v. 73, p. 1-13, 2025. Link SLONGO, P.; GUILHERME, P.D.B.; FIGUEIREDO, J.&hellip;","_links":{"self":[{"href":"https:\/\/pdbguilherme.com\/index.php?rest_route=\/wp\/v2\/pages\/53","targetHints":{"allow":["GET"]}}],"collection":[{"href":"https:\/\/pdbguilherme.com\/index.php?rest_route=\/wp\/v2\/pages"}],"about":[{"href":"https:\/\/pdbguilherme.com\/index.php?rest_route=\/wp\/v2\/types\/page"}],"author":[{"embeddable":true,"href":"https:\/\/pdbguilherme.com\/index.php?rest_route=\/wp\/v2\/users\/1"}],"replies":[{"embeddable":true,"href":"https:\/\/pdbguilherme.com\/index.php?rest_route=%2Fwp%2Fv2%2Fcomments&post=53"}],"version-history":[{"count":21,"href":"https:\/\/pdbguilherme.com\/index.php?rest_route=\/wp\/v2\/pages\/53\/revisions"}],"predecessor-version":[{"id":410,"href":"https:\/\/pdbguilherme.com\/index.php?rest_route=\/wp\/v2\/pages\/53\/revisions\/410"}],"wp:attachment":[{"href":"https:\/\/pdbguilherme.com\/index.php?rest_route=%2Fwp%2Fv2%2Fmedia&parent=53"}],"curies":[{"name":"wp","href":"https:\/\/api.w.org\/{rel}","templated":true}]}}